{"id":2331,"date":"2020-07-20T20:02:53","date_gmt":"2020-07-20T18:02:53","guid":{"rendered":"http:\/\/neu.visionale-leipzig.de\/?post_type=dt_team&#038;p=2331"},"modified":"2025-09-22T11:17:35","modified_gmt":"2025-09-22T09:17:35","slug":"alexander-jaeger","status":"publish","type":"dt_team","link":"https:\/\/visionale-leipzig.de\/ls\/dt_team\/alexander-jaeger\/","title":{"rendered":"Alexander J\u00e4ger"},"content":{"rendered":"<p>Als Vertreter des Amtes f\u00fcr Jugend und Bildung im Arbeitskreis Medienp\u00e4dagogik stehe ich in erster Linie f\u00fcr den F\u00f6rdermittelgeber, der die Visionale jedes Jahr neben anderen Partnern erm\u00f6glicht. Das Festival bedeutet f\u00fcr mich pers\u00f6nlich aber noch viel mehr. Einerseits ist es genial zu sehen, wie Kinder, Jugendliche und junge Erwachsene hier ihre Kreativit\u00e4t entdecken, gemeinsam Projekte umsetzen und ihre Werke auf der gro\u00dfen B\u00fchne vorstellen. Andererseits ist es jedes Jahr aufs Neue faszinierend, dass viele kreative Leute aus dem AK Medienp\u00e4dagogik zum Gelingen der Visionale beitragen. An dieser Stelle m\u00f6chte ich mich deshalb bei allen Kindern und Jugendlichen sowie allen Organisatorinnen und Organisatoren bedanken und w\u00fcnsche viel Spa\u00df und Erfolg bei der diesj\u00e4hrigen Jubil\u00e4ums-Visionale!<\/p>\n","protected":false},"excerpt":{"rendered":"<p>Als Vertreter des Amtes f\u00fcr Jugend und Bildung im Arbeitskreis Medienp\u00e4dagogik stehe ich in erster Linie f\u00fcr den F\u00f6rdermittelgeber, der die Visionale jedes Jahr neben anderen Partnern erm\u00f6glicht. Das Festival bedeutet f\u00fcr mich pers\u00f6nlich aber noch viel mehr. Einerseits ist es genial zu sehen, wie Kinder, Jugendliche und junge Erwachsene hier ihre Kreativit\u00e4t entdecken, gemeinsam&hellip;<\/p>\n","protected":false},"featured_media":8661,"comment_status":"closed","ping_status":"closed","template":"","dt_team_category":[37],"class_list":["post-2331","dt_team","type-dt_team","status-publish","has-post-thumbnail","hentry","dt_team_category-jury-schule-macht-medien","dt_team_category-37","description-off"],"translation":{"provider":"WPGlobus","version":"3.0.2","language":"ls","enabled_languages":["de","ls"],"languages":{"de":{"title":true,"content":true,"excerpt":false},"ls":{"title":false,"content":false,"excerpt":false}}},"aioseo_notices":[],"_links":{"self":[{"href":"https:\/\/visionale-leipzig.de\/ls\/wp-json\/wp\/v2\/dt_team\/2331","targetHints":{"allow":["GET"]}}],"collection":[{"href":"https:\/\/visionale-leipzig.de\/ls\/wp-json\/wp\/v2\/dt_team"}],"about":[{"href":"https:\/\/visionale-leipzig.de\/ls\/wp-json\/wp\/v2\/types\/dt_team"}],"replies":[{"embeddable":true,"href":"https:\/\/visionale-leipzig.de\/ls\/wp-json\/wp\/v2\/comments?post=2331"}],"wp:featuredmedia":[{"embeddable":true,"href":"https:\/\/visionale-leipzig.de\/ls\/wp-json\/wp\/v2\/media\/8661"}],"wp:attachment":[{"href":"https:\/\/visionale-leipzig.de\/ls\/wp-json\/wp\/v2\/media?parent=2331"}],"wp:term":[{"taxonomy":"dt_team_category","embeddable":true,"href":"https:\/\/visionale-leipzig.de\/ls\/wp-json\/wp\/v2\/dt_team_category?post=2331"}],"curies":[{"name":"wp","href":"https:\/\/api.w.org\/{rel}","templated":true}]}}