{"id":2988,"date":"2020-11-14T15:26:11","date_gmt":"2020-11-14T14:26:11","guid":{"rendered":"https:\/\/visionale-leipzig.de\/?post_type=mec-events&#038;p=2988"},"modified":"2020-11-17T13:44:12","modified_gmt":"2020-11-17T12:44:12","slug":"visionale-leipzig-live-im-radio","status":"publish","type":"mec-events","link":"https:\/\/visionale-leipzig.de\/ls\/fachtag-2026\/visionale-leipzig-live-im-radio\/","title":{"rendered":"VISIONALE LEIPZIG live im Radio"},"content":{"rendered":"<h2>VISIONALE LEIPZIG live im Radio<\/h2>\n<p>Die Radioglowgirls laden den Projektleiter der VISIONALE Volker Pankrath und das Jurymitglied Petra Paula Schwab zum Talk \u00fcber die VISIONALE ein und blicken hinter die Kulissen des s\u00e4chsischen Medienwettbewerbs. Live aus der H\u00f6rfunk und Projektwerkstatt Leipzig e.V. beamen wir uns in die Radio blau-Leitung und ihr k\u00f6nnt am UKW-Ger\u00e4t oder im Internet zuh\u00f6ren.<\/p>\n<p>Die Radioglowgirls sind die M\u00e4dchen*redaktion der H\u00f6rfunk- und Projektwerkstatt Leipzig und auch sie haben in diesem Jahr an der VISIONALE teilgenommen.<\/p>\n<p><strong>Radio blau empf\u00e4ngt man \u00fcber: UKW 99.2. \/89.2. \/94.4. oder \u00fcber <a href=\"http:\/\/www.radioblau.de\">www.radioblau.de<\/a><\/strong><\/p>\n","protected":false},"excerpt":{"rendered":"<p>VISIONALE LEIPZIG live im Radio Die Radioglowgirls laden den Projektleiter der VISIONALE Volker Pankrath und das Jurymitglied Petra Paula Schwab zum Talk \u00fcber die VISIONALE ein und blicken hinter die Kulissen des s\u00e4chsischen Medienwettbewerbs. Live aus der H\u00f6rfunk und Projektwerkstatt Leipzig e.V. beamen wir uns in die Radio blau-Leitung und ihr k\u00f6nnt am UKW-Ger\u00e4t oder&hellip;<\/p>\n","protected":false},"author":1,"featured_media":3023,"comment_status":"closed","ping_status":"closed","template":"","tags":[],"mec_category":[],"class_list":["post-2988","mec-events","type-mec-events","status-publish","has-post-thumbnail","hentry","description-off"],"translation":{"provider":"WPGlobus","version":"3.0.2","language":"ls","enabled_languages":["de","ls"],"languages":{"de":{"title":true,"content":true,"excerpt":false},"ls":{"title":false,"content":false,"excerpt":false}}},"aioseo_notices":[],"_links":{"self":[{"href":"https:\/\/visionale-leipzig.de\/ls\/wp-json\/wp\/v2\/mec-events\/2988","targetHints":{"allow":["GET"]}}],"collection":[{"href":"https:\/\/visionale-leipzig.de\/ls\/wp-json\/wp\/v2\/mec-events"}],"about":[{"href":"https:\/\/visionale-leipzig.de\/ls\/wp-json\/wp\/v2\/types\/mec-events"}],"author":[{"embeddable":true,"href":"https:\/\/visionale-leipzig.de\/ls\/wp-json\/wp\/v2\/users\/1"}],"replies":[{"embeddable":true,"href":"https:\/\/visionale-leipzig.de\/ls\/wp-json\/wp\/v2\/comments?post=2988"}],"wp:featuredmedia":[{"embeddable":true,"href":"https:\/\/visionale-leipzig.de\/ls\/wp-json\/wp\/v2\/media\/3023"}],"wp:attachment":[{"href":"https:\/\/visionale-leipzig.de\/ls\/wp-json\/wp\/v2\/media?parent=2988"}],"wp:term":[{"taxonomy":"post_tag","embeddable":true,"href":"https:\/\/visionale-leipzig.de\/ls\/wp-json\/wp\/v2\/tags?post=2988"},{"taxonomy":"mec_category","embeddable":true,"href":"https:\/\/visionale-leipzig.de\/ls\/wp-json\/wp\/v2\/mec_category?post=2988"}],"curies":[{"name":"wp","href":"https:\/\/api.w.org\/{rel}","templated":true}]}}