{"id":4321,"date":"2022-02-17T11:47:41","date_gmt":"2022-02-17T10:47:41","guid":{"rendered":"https:\/\/visionale-leipzig.de\/?post_type=mec-events&#038;p=4321"},"modified":"2022-06-15T10:16:25","modified_gmt":"2022-06-15T08:16:25","slug":"6-hass-im-netz","status":"publish","type":"mec-events","link":"https:\/\/visionale-leipzig.de\/ls\/fachtag-2026\/6-hass-im-netz\/","title":{"rendered":"Workshop: &#8220;Hass im Netz&#8221;"},"content":{"rendered":"<h2><strong>Variante 1 \u201eHass im Netz\u201c \u2013 sehen, erkennen, bek\u00e4mpfen<\/strong><\/h2>\n<p>Das Internet ist das ideale Medium, um gezielt Jugendliche, die noch auf der Suche nach einer Identit\u00e4t und einem eigenen Weltbild sind, zu beeinflussen. Propaganda und Polarisierungen spielen hierbei eine gro\u00dfe Rolle.<\/p>\n<p>Daher m\u00f6chten wir gemeinsam interaktive Methoden vorstellen und ausprobieren, die dazu anregen, Hate Speech im Netz entgegenzuwirken und Toleranz und Wertsch\u00e4tzung als Grundlagen des Miteinanders zu st\u00e4rken.<\/p>\n<p>&nbsp;<\/p>\n<p><strong>Dieser Workshop ist Teil der Teilnahmevariante 1 (Pr\u00e4senz)<\/strong>: Die Teilnehmer*innen treffen sich in den R\u00e4umlichkeiten der Workshopanbieter*innen, verfolgen gemeinsam die Impulsvortr\u00e4ge (online), nehmen an der Diskussion teil und gehen anschlie\u00dfend <strong>vor Ort<\/strong> in den jeweiligen Workshop. Ein Ortswechsel ist nicht n\u00f6tig.<\/p>\n","protected":false},"excerpt":{"rendered":"<p>Variante 1 \u201eHass im Netz\u201c \u2013 sehen, erkennen, bek\u00e4mpfen Das Internet ist das ideale Medium, um gezielt Jugendliche, die noch auf der Suche nach einer Identit\u00e4t und einem eigenen Weltbild sind, zu beeinflussen. Propaganda und Polarisierungen spielen hierbei eine gro\u00dfe Rolle. Daher m\u00f6chten wir gemeinsam interaktive Methoden vorstellen und ausprobieren, die dazu anregen, Hate Speech&hellip;<\/p>\n","protected":false},"author":1,"featured_media":3475,"comment_status":"closed","ping_status":"closed","template":"","tags":[],"mec_category":[76],"class_list":["post-4321","mec-events","type-mec-events","status-publish","has-post-thumbnail","hentry","mec_category-fachtag-medienpaedagogik-2022","description-off"],"translation":{"provider":"WPGlobus","version":"3.0.2","language":"ls","enabled_languages":["de","ls"],"languages":{"de":{"title":true,"content":true,"excerpt":false},"ls":{"title":false,"content":false,"excerpt":false}}},"aioseo_notices":[],"_links":{"self":[{"href":"https:\/\/visionale-leipzig.de\/ls\/wp-json\/wp\/v2\/mec-events\/4321","targetHints":{"allow":["GET"]}}],"collection":[{"href":"https:\/\/visionale-leipzig.de\/ls\/wp-json\/wp\/v2\/mec-events"}],"about":[{"href":"https:\/\/visionale-leipzig.de\/ls\/wp-json\/wp\/v2\/types\/mec-events"}],"author":[{"embeddable":true,"href":"https:\/\/visionale-leipzig.de\/ls\/wp-json\/wp\/v2\/users\/1"}],"replies":[{"embeddable":true,"href":"https:\/\/visionale-leipzig.de\/ls\/wp-json\/wp\/v2\/comments?post=4321"}],"wp:featuredmedia":[{"embeddable":true,"href":"https:\/\/visionale-leipzig.de\/ls\/wp-json\/wp\/v2\/media\/3475"}],"wp:attachment":[{"href":"https:\/\/visionale-leipzig.de\/ls\/wp-json\/wp\/v2\/media?parent=4321"}],"wp:term":[{"taxonomy":"post_tag","embeddable":true,"href":"https:\/\/visionale-leipzig.de\/ls\/wp-json\/wp\/v2\/tags?post=4321"},{"taxonomy":"mec_category","embeddable":true,"href":"https:\/\/visionale-leipzig.de\/ls\/wp-json\/wp\/v2\/mec_category?post=4321"}],"curies":[{"name":"wp","href":"https:\/\/api.w.org\/{rel}","templated":true}]}}