{"id":5872,"date":"2024-01-10T13:41:34","date_gmt":"2024-01-10T12:41:34","guid":{"rendered":"https:\/\/visionale-leipzig.de\/wp-content\/uploads\/2024\/01\/10.png"},"modified":"2024-01-10T13:47:12","modified_gmt":"2024-01-10T12:47:12","slug":"10-2","status":"inherit","type":"attachment","link":"https:\/\/visionale-leipzig.de\/ls\/willkommen-zurueck\/10-2\/","title":{"rendered":"10"},"author":1,"featured_media":0,"comment_status":"closed","ping_status":"closed","template":"","meta":[],"class_list":["post-5872","attachment","type-attachment","status-inherit","hentry","description-off"],"translation":{"provider":"WPGlobus","version":"3.0.2","language":"ls","enabled_languages":["de","ls"],"languages":{"de":{"title":true},"ls":{"title":false}}},"aioseo_notices":[],"description":{"rendered":"<p class=\"attachment\"><a href='https:\/\/visionale-leipzig.de\/wp-content\/uploads\/2024\/01\/10.png'><img loading=\"lazy\" decoding=\"async\" width=\"300\" height=\"213\" src=\"https:\/\/visionale-leipzig.de\/wp-content\/uploads\/2024\/01\/10-300x213.png\" class=\"attachment-medium size-medium\" alt=\"\u201cIch denke, dass viel mehr Angebote stattfinden und Fachkr\u00e4fte an den Schulen angegliedert werden m\u00fcssen. Es braucht wahrscheinlich auch mehr Geld, dass daf\u00fcr von Stadt, Land, Bund zur Verf\u00fcgung gestellt werden muss - gr\u00f6\u00dfere F\u00f6rdert\u00f6pfe f\u00fcr kulturelle Bildung und das Erkennen der Wichtigkeit.\u201c Projekt \u201eOh ich, oh Leben\u201c (Medienstarter)\" srcset=\"https:\/\/visionale-leipzig.de\/wp-content\/uploads\/2024\/01\/10-300x213.png 300w, https:\/\/visionale-leipzig.de\/wp-content\/uploads\/2024\/01\/10-1024x726.png 1024w, https:\/\/visionale-leipzig.de\/wp-content\/uploads\/2024\/01\/10-768x545.png 768w, https:\/\/visionale-leipzig.de\/wp-content\/uploads\/2024\/01\/10-1536x1090.png 1536w, https:\/\/visionale-leipzig.de\/wp-content\/uploads\/2024\/01\/10.png 1748w\" sizes=\"auto, (max-width: 300px) 100vw, 300px\" \/><\/a><\/p>\n"},"caption":{"rendered":""},"alt_text":"\u201cIch denke, dass viel mehr Angebote stattfinden und Fachkr\u00e4fte an den Schulen angegliedert werden m\u00fcssen. Es braucht wahrscheinlich auch mehr Geld, dass daf\u00fcr von Stadt, Land, Bund zur Verf\u00fcgung gestellt werden muss - gr\u00f6\u00dfere F\u00f6rdert\u00f6pfe f\u00fcr kulturelle Bildung und das Erkennen der Wichtigkeit.\u201c Projekt \u201eOh ich, oh Leben\u201c (Medienstarter)","media_type":"image","mime_type":"image\/png","media_details":{"width":1748,"height":1240,"file":"2024\/01\/10.png","filesize":192773,"sizes":{"medium":{"file":"10-300x213.png","width":300,"height":213,"filesize":31340,"mime_type":"image\/png","source_url":"https:\/\/visionale-leipzig.de\/wp-content\/uploads\/2024\/01\/10-300x213.png"},"large":{"file":"10-1024x726.png","width":1024,"height":726,"filesize":157672,"mime_type":"image\/png","source_url":"https:\/\/visionale-leipzig.de\/wp-content\/uploads\/2024\/01\/10-1024x726.png"},"thumbnail":{"file":"10-150x150.png","width":150,"height":150,"filesize":15518,"mime_type":"image\/png","source_url":"https:\/\/visionale-leipzig.de\/wp-content\/uploads\/2024\/01\/10-150x150.png"},"medium_large":{"file":"10-768x545.png","width":768,"height":545,"filesize":112424,"mime_type":"image\/png","source_url":"https:\/\/visionale-leipzig.de\/wp-content\/uploads\/2024\/01\/10-768x545.png"},"thumblist":{"file":"10-300x300.png","width":300,"height":300,"filesize":44545,"mime_type":"image\/png","source_url":"https:\/\/visionale-leipzig.de\/wp-content\/uploads\/2024\/01\/10-300x300.png"},"meccarouselthumb":{"file":"10-474x324.png","width":474,"height":324,"filesize":59840,"mime_type":"image\/png","source_url":"https:\/\/visionale-leipzig.de\/wp-content\/uploads\/2024\/01\/10-474x324.png"},"gridsquare":{"file":"10-391x260.png","width":391,"height":260,"filesize":45620,"mime_type":"image\/png","source_url":"https:\/\/visionale-leipzig.de\/wp-content\/uploads\/2024\/01\/10-391x260.png"},"tileview":{"file":"10-300x400.png","width":300,"height":400,"filesize":49551,"mime_type":"image\/png","source_url":"https:\/\/visionale-leipzig.de\/wp-content\/uploads\/2024\/01\/10-300x400.png"},"1536x1536":{"file":"10-1536x1090.png","width":1536,"height":1090,"filesize":253124,"mime_type":"image\/png","source_url":"https:\/\/visionale-leipzig.de\/wp-content\/uploads\/2024\/01\/10-1536x1090.png"},"cmplz_banner_image":{"file":"10-350x100.png","width":350,"height":100,"filesize":24230,"mime_type":"image\/png","source_url":"https:\/\/visionale-leipzig.de\/wp-content\/uploads\/2024\/01\/10-350x100.png"},"full":{"file":"10.png","width":1748,"height":1240,"mime_type":"image\/png","source_url":"https:\/\/visionale-leipzig.de\/wp-content\/uploads\/2024\/01\/10.png"}},"image_meta":{"aperture":"0","credit":"","camera":"","caption":"","created_timestamp":"0","copyright":"","focal_length":"0","iso":"0","shutter_speed":"0","title":"","orientation":"0","keywords":[]}},"post":5871,"source_url":"https:\/\/visionale-leipzig.de\/wp-content\/uploads\/2024\/01\/10.png","_links":{"self":[{"href":"https:\/\/visionale-leipzig.de\/ls\/wp-json\/wp\/v2\/media\/5872","targetHints":{"allow":["GET"]}}],"collection":[{"href":"https:\/\/visionale-leipzig.de\/ls\/wp-json\/wp\/v2\/media"}],"about":[{"href":"https:\/\/visionale-leipzig.de\/ls\/wp-json\/wp\/v2\/types\/attachment"}],"author":[{"embeddable":true,"href":"https:\/\/visionale-leipzig.de\/ls\/wp-json\/wp\/v2\/users\/1"}],"replies":[{"embeddable":true,"href":"https:\/\/visionale-leipzig.de\/ls\/wp-json\/wp\/v2\/comments?post=5872"}],"wp:attached-to":[{"embeddable":true,"post_type":"post","id":5871,"href":"https:\/\/visionale-leipzig.de\/ls\/wp-json\/wp\/v2\/posts\/5871"}],"curies":[{"name":"wp","href":"https:\/\/api.w.org\/{rel}","templated":true}]}}